{"id":318,"date":"2015-09-10T19:28:40","date_gmt":"2015-09-10T19:28:40","guid":{"rendered":"http:\/\/exposec.tmp.br\/16\/?page_id=318"},"modified":"2020-01-15T18:50:29","modified_gmt":"2020-01-15T18:50:29","slug":"official-press-advisory","status":"publish","type":"page","link":"https:\/\/feiraecoenergy.com.br\/16\/en\/official-press-advisory\/","title":{"rendered":"Official Press Advisory"},"content":{"rendered":"<section id=\"bt_section69f3b240bd881\"  class=\"boldSection inherit\" ><div class=\"port\"><div class=\"boldCell\"><div class=\"boldCellInner\"><div class=\"boldRow \" ><div class=\"boldRowInner\"><div class=\"rowItem col-md-12 col-ms-12  btTextCenter inherit\"  ><div class=\"rowItemContent\" ><div class=\"bt_bb_separator_v2 bt_bb_border_style_none bt_bb_top_spacing_medium bt_bb_icon_size_normal bt_bb_text_size_normal bt_bb_separator_v2_without_content\" data-bt-override-class=\"null\"><div class=\"bt_bb_separator_v2_inner\"><span class=\"bt_bb_separator_v2_inner_before\"><\/span><span class=\"bt_bb_separator_v2_inner_content\"><span  data-ico-=\"&#038;#x;\" class=\"bt_bb_icon_holder\"><\/span><\/span><span class=\"bt_bb_separator_v2_inner_after\"><\/span><\/div><\/div><header class=\"header btClear large btDash bottomDash  btNormalDash\" ><div class=\"dash\"><h2><span class=\"headline\">Official <b class=\"animate\">Press Advisory<\/b><\/span><\/h2><\/div><\/header><\/div><\/div><\/div><\/div><\/div><\/div><\/div><\/section><section id=\"bt_section69f3b240bdd4f\"  class=\"boldSection gutter inherit\" ><div class=\"port\"><div class=\"boldCell\"><div class=\"boldCellInner\"><div class=\"boldRow \" ><div class=\"boldRowInner\"><div class=\"rowItem col-md-12 col-ms-12  btTextLeft btMiddleVertical\"  ><div class=\"rowItemContent\" ><div class=\"bt_bb_separator_v2 bt_bb_border_style_none bt_bb_top_spacing_small bt_bb_icon_size_normal bt_bb_text_size_normal bt_bb_separator_v2_without_content\" data-bt-override-class=\"null\"><div class=\"bt_bb_separator_v2_inner\"><span class=\"bt_bb_separator_v2_inner_before\"><\/span><span class=\"bt_bb_separator_v2_inner_content\"><span  data-ico-=\"&#038;#x;\" class=\"bt_bb_icon_holder\"><\/span><\/span><span class=\"bt_bb_separator_v2_inner_after\"><\/span><\/div><\/div><div class=\"btText\" ><p style=\"font-size: 17px; text-align: left;\"><img loading=\"lazy\" class=\" wp-image-3909 size-full alignnone\" src=\"https:\/\/feiraecoenergy.com.br\/16\/wp-content\/uploads\/2015\/10\/logo-2-pro1.png\" alt=\"logo-2-pro\" width=\"181\" height=\"77\" \/><\/p>\n<p style=\"font-size: 17px;\"><strong>2 PR\u00d3 COMUNICA\u00c7\u00c3O<\/strong><\/p>\n<ul>\n<li style=\"font-size: 17px;\">Teresa Silva<\/li>\n<li style=\"font-size: 17px;\">Myrian Vallone<\/li>\n<\/ul>\n<p style=\"font-size: 17px;\"><strong>Phone:<\/strong>\u00a0+55 (11) 3030-9463<\/p>\n<p style=\"font-size: 17px;\"><strong>E-mail:<\/strong>\u00a0<a href=\"mailto:fieramilano@2pro.com.br\" target=\"_blank\" rel=\"noopener\">fieramilano@2pro.com.br<\/a><\/p>\n<p style=\"font-size: 17px;\"><strong>Site:<\/strong>\u00a0<a href=\"http:\/\/www.2pro.com.br\" target=\"_blank\" rel=\"noopener\">www.2pro.com.br<\/a><\/p>\n<\/div><div class=\"bt_bb_separator_v2 bt_bb_border_style_none bt_bb_top_spacing_normal bt_bb_icon_size_normal bt_bb_text_size_normal bt_bb_separator_v2_without_content\" data-bt-override-class=\"null\"><div class=\"bt_bb_separator_v2_inner\"><span class=\"bt_bb_separator_v2_inner_before\"><\/span><span class=\"bt_bb_separator_v2_inner_content\"><span  data-ico-=\"&#038;#x;\" class=\"bt_bb_icon_holder\"><\/span><\/span><span class=\"bt_bb_separator_v2_inner_after\"><\/span><\/div><\/div><\/div><\/div><\/div><\/div><\/div><\/div><\/div><\/section>","protected":false},"excerpt":{"rendered":"","protected":false},"author":3,"featured_media":0,"parent":0,"menu_order":0,"comment_status":"closed","ping_status":"closed","template":"","meta":{"_mi_skip_tracking":false},"yoast_head":"<!-- This site is optimized with the Yoast SEO plugin v18.1 - https:\/\/yoast.com\/wordpress\/plugins\/seo\/ -->\n<title>Official Press Advisory - Ecoenergy<\/title>\n<meta name=\"robots\" content=\"index, follow, max-snippet:-1, max-image-preview:large, max-video-preview:-1\" \/>\n<link rel=\"canonical\" href=\"https:\/\/feiraecoenergy.com.br\/16\/en\/official-press-advisory\/\" \/>\n<meta property=\"og:locale\" content=\"pt_BR\" \/>\n<meta property=\"og:type\" content=\"article\" \/>\n<meta property=\"og:title\" content=\"Official Press Advisory - Ecoenergy\" \/>\n<meta property=\"og:url\" content=\"https:\/\/feiraecoenergy.com.br\/16\/en\/official-press-advisory\/\" \/>\n<meta property=\"og:site_name\" content=\"Ecoenergy\" \/>\n<meta property=\"article:modified_time\" content=\"2020-01-15T18:50:29+00:00\" \/>\n<meta property=\"og:image\" content=\"https:\/\/feiraecoenergy.com.br\/16\/wp-content\/uploads\/2015\/10\/logo-2-pro1.png\" \/>\n<meta name=\"twitter:card\" content=\"summary\" \/>\n<meta name=\"twitter:label1\" content=\"Est. tempo de leitura\" \/>\n\t<meta name=\"twitter:data1\" content=\"2 minutos\" \/>\n<script type=\"application\/ld+json\" class=\"yoast-schema-graph\">{\"@context\":\"https:\/\/schema.org\",\"@graph\":[{\"@type\":\"WebSite\",\"@id\":\"https:\/\/feiraecoenergy.com.br\/16\/en\/#website\",\"url\":\"https:\/\/feiraecoenergy.com.br\/16\/en\/\",\"name\":\"Ecoenergy\",\"description\":\"International Fair and Congress of Clean and Renewable Technologies for Energy Generation\",\"potentialAction\":[{\"@type\":\"SearchAction\",\"target\":{\"@type\":\"EntryPoint\",\"urlTemplate\":\"https:\/\/feiraecoenergy.com.br\/16\/en\/?s={search_term_string}\"},\"query-input\":\"required name=search_term_string\"}],\"inLanguage\":\"pt-BR\"},{\"@type\":\"ImageObject\",\"@id\":\"https:\/\/feiraecoenergy.com.br\/16\/en\/official-press-advisory\/#primaryimage\",\"inLanguage\":\"pt-BR\",\"url\":\"https:\/\/feiraecoenergy.com.br\/16\/wp-content\/uploads\/2015\/10\/logo-2-pro1.png\",\"contentUrl\":\"https:\/\/feiraecoenergy.com.br\/16\/wp-content\/uploads\/2015\/10\/logo-2-pro1.png\"},{\"@type\":\"WebPage\",\"@id\":\"https:\/\/feiraecoenergy.com.br\/16\/en\/official-press-advisory\/#webpage\",\"url\":\"https:\/\/feiraecoenergy.com.br\/16\/en\/official-press-advisory\/\",\"name\":\"Official Press Advisory - Ecoenergy\",\"isPartOf\":{\"@id\":\"https:\/\/feiraecoenergy.com.br\/16\/en\/#website\"},\"primaryImageOfPage\":{\"@id\":\"https:\/\/feiraecoenergy.com.br\/16\/en\/official-press-advisory\/#primaryimage\"},\"datePublished\":\"2015-09-10T19:28:40+00:00\",\"dateModified\":\"2020-01-15T18:50:29+00:00\",\"breadcrumb\":{\"@id\":\"https:\/\/feiraecoenergy.com.br\/16\/en\/official-press-advisory\/#breadcrumb\"},\"inLanguage\":\"pt-BR\",\"potentialAction\":[{\"@type\":\"ReadAction\",\"target\":[\"https:\/\/feiraecoenergy.com.br\/16\/en\/official-press-advisory\/\"]}]},{\"@type\":\"BreadcrumbList\",\"@id\":\"https:\/\/feiraecoenergy.com.br\/16\/en\/official-press-advisory\/#breadcrumb\",\"itemListElement\":[{\"@type\":\"ListItem\",\"position\":1,\"name\":\"In\u00edcio\",\"item\":\"https:\/\/feiraecoenergy.com.br\/16\/en\/\"},{\"@type\":\"ListItem\",\"position\":2,\"name\":\"Official Press Advisory\"}]}]}<\/script>\n<!-- \/ Yoast SEO plugin. -->","yoast_head_json":{"title":"Official Press Advisory - Ecoenergy","robots":{"index":"index","follow":"follow","max-snippet":"max-snippet:-1","max-image-preview":"max-image-preview:large","max-video-preview":"max-video-preview:-1"},"canonical":"https:\/\/feiraecoenergy.com.br\/16\/en\/official-press-advisory\/","og_locale":"pt_BR","og_type":"article","og_title":"Official Press Advisory - Ecoenergy","og_url":"https:\/\/feiraecoenergy.com.br\/16\/en\/official-press-advisory\/","og_site_name":"Ecoenergy","article_modified_time":"2020-01-15T18:50:29+00:00","og_image":[{"url":"https:\/\/feiraecoenergy.com.br\/16\/wp-content\/uploads\/2015\/10\/logo-2-pro1.png"}],"twitter_card":"summary","twitter_misc":{"Est. tempo de leitura":"2 minutos"},"schema":{"@context":"https:\/\/schema.org","@graph":[{"@type":"WebSite","@id":"https:\/\/feiraecoenergy.com.br\/16\/en\/#website","url":"https:\/\/feiraecoenergy.com.br\/16\/en\/","name":"Ecoenergy","description":"International Fair and Congress of Clean and Renewable Technologies for Energy Generation","potentialAction":[{"@type":"SearchAction","target":{"@type":"EntryPoint","urlTemplate":"https:\/\/feiraecoenergy.com.br\/16\/en\/?s={search_term_string}"},"query-input":"required name=search_term_string"}],"inLanguage":"pt-BR"},{"@type":"ImageObject","@id":"https:\/\/feiraecoenergy.com.br\/16\/en\/official-press-advisory\/#primaryimage","inLanguage":"pt-BR","url":"https:\/\/feiraecoenergy.com.br\/16\/wp-content\/uploads\/2015\/10\/logo-2-pro1.png","contentUrl":"https:\/\/feiraecoenergy.com.br\/16\/wp-content\/uploads\/2015\/10\/logo-2-pro1.png"},{"@type":"WebPage","@id":"https:\/\/feiraecoenergy.com.br\/16\/en\/official-press-advisory\/#webpage","url":"https:\/\/feiraecoenergy.com.br\/16\/en\/official-press-advisory\/","name":"Official Press Advisory - Ecoenergy","isPartOf":{"@id":"https:\/\/feiraecoenergy.com.br\/16\/en\/#website"},"primaryImageOfPage":{"@id":"https:\/\/feiraecoenergy.com.br\/16\/en\/official-press-advisory\/#primaryimage"},"datePublished":"2015-09-10T19:28:40+00:00","dateModified":"2020-01-15T18:50:29+00:00","breadcrumb":{"@id":"https:\/\/feiraecoenergy.com.br\/16\/en\/official-press-advisory\/#breadcrumb"},"inLanguage":"pt-BR","potentialAction":[{"@type":"ReadAction","target":["https:\/\/feiraecoenergy.com.br\/16\/en\/official-press-advisory\/"]}]},{"@type":"BreadcrumbList","@id":"https:\/\/feiraecoenergy.com.br\/16\/en\/official-press-advisory\/#breadcrumb","itemListElement":[{"@type":"ListItem","position":1,"name":"In\u00edcio","item":"https:\/\/feiraecoenergy.com.br\/16\/en\/"},{"@type":"ListItem","position":2,"name":"Official Press Advisory"}]}]}},"_links":{"self":[{"href":"https:\/\/feiraecoenergy.com.br\/16\/en\/wp-json\/wp\/v2\/pages\/318"}],"collection":[{"href":"https:\/\/feiraecoenergy.com.br\/16\/en\/wp-json\/wp\/v2\/pages"}],"about":[{"href":"https:\/\/feiraecoenergy.com.br\/16\/en\/wp-json\/wp\/v2\/types\/page"}],"author":[{"embeddable":true,"href":"https:\/\/feiraecoenergy.com.br\/16\/en\/wp-json\/wp\/v2\/users\/3"}],"replies":[{"embeddable":true,"href":"https:\/\/feiraecoenergy.com.br\/16\/en\/wp-json\/wp\/v2\/comments?post=318"}],"version-history":[{"count":9,"href":"https:\/\/feiraecoenergy.com.br\/16\/en\/wp-json\/wp\/v2\/pages\/318\/revisions"}],"predecessor-version":[{"id":2249,"href":"https:\/\/feiraecoenergy.com.br\/16\/en\/wp-json\/wp\/v2\/pages\/318\/revisions\/2249"}],"wp:attachment":[{"href":"https:\/\/feiraecoenergy.com.br\/16\/en\/wp-json\/wp\/v2\/media?parent=318"}],"curies":[{"name":"wp","href":"https:\/\/api.w.org\/{rel}","templated":true}]}}